{"id":222,"date":"2017-01-03T00:16:48","date_gmt":"2017-01-02T23:16:48","guid":{"rendered":"https:\/\/pension-brigitte-henkel.de\/?page_id=222"},"modified":"2025-12-07T13:30:07","modified_gmt":"2025-12-07T12:30:07","slug":"gastenkamer","status":"publish","type":"page","link":"https:\/\/pension-brigitte-henkel.de\/nl\/gastenkamer\/","title":{"rendered":"gastenkamer"},"content":{"rendered":"<div data-elementor-type=\"wp-page\" data-elementor-id=\"222\" class=\"elementor elementor-222\" data-elementor-post-type=\"page\">\n\t\t\t\t\t\t<section class=\"elementor-section elementor-top-section elementor-element elementor-element-a52fa64 elementor-section-boxed elementor-section-height-default elementor-section-height-default\" data-id=\"a52fa64\" data-element_type=\"section\" data-e-type=\"section\">\n\t\t\t\t\t\t<div class=\"elementor-container elementor-column-gap-default\">\n\t\t\t\t\t<div class=\"elementor-column elementor-col-100 elementor-top-column elementor-element elementor-element-187c69f\" data-id=\"187c69f\" data-element_type=\"column\" data-e-type=\"column\">\n\t\t\t<div class=\"elementor-widget-wrap elementor-element-populated\">\n\t\t\t\t\t\t<div class=\"elementor-element elementor-element-caeb42d elementor-skin-carousel elementor-arrows-yes elementor-pagination-type-bullets elementor-pagination-position-outside elementor-widget elementor-widget-media-carousel\" data-id=\"caeb42d\" data-element_type=\"widget\" data-e-type=\"widget\" data-settings=\"{&quot;skin&quot;:&quot;carousel&quot;,&quot;effect&quot;:&quot;slide&quot;,&quot;show_arrows&quot;:&quot;yes&quot;,&quot;pagination&quot;:&quot;bullets&quot;,&quot;speed&quot;:500,&quot;autoplay&quot;:&quot;yes&quot;,&quot;autoplay_speed&quot;:5000,&quot;loop&quot;:&quot;yes&quot;,&quot;pause_on_hover&quot;:&quot;yes&quot;,&quot;pause_on_interaction&quot;:&quot;yes&quot;,&quot;space_between&quot;:{&quot;unit&quot;:&quot;px&quot;,&quot;size&quot;:10,&quot;sizes&quot;:[]},&quot;space_between_tablet&quot;:{&quot;unit&quot;:&quot;px&quot;,&quot;size&quot;:10,&quot;sizes&quot;:[]},&quot;space_between_mobile&quot;:{&quot;unit&quot;:&quot;px&quot;,&quot;size&quot;:10,&quot;sizes&quot;:[]}}\" data-widget_type=\"media-carousel.default\">\n\t\t\t\t<div class=\"elementor-widget-container\">\n\t\t\t\t\t\t\t\t\t<div class=\"elementor-swiper\">\n\t\t\t\t\t<div class=\"elementor-main-swiper swiper\" role=\"region\" aria-roledescription=\"carousel\" aria-label=\"Dia&#039;s\">\n\t\t\t\t<div class=\"swiper-wrapper\">\n\t\t\t\t\t\t\t\t\t\t\t<div class=\"swiper-slide\" role=\"group\" aria-roledescription=\"slide\">\n\t\t\t\t\t\t\t\t\t<div class=\"elementor-carousel-image\" role=\"img\" aria-label=\"Vakantie aan de Moezel\" style=\"background-image: url(&#039;https:\/\/pension-brigitte-henkel.de\/wp-content\/uploads\/2023\/07\/IMG_20230725_112952_edit_17844361881652-scaled.jpg&#039;)\">\n\n\t\t\t\n\t\t\t\t\t<\/div>\n\t\t\t\t\t\t\t\t<\/div>\n\t\t\t\t\t\t\t\t\t\t\t<div class=\"swiper-slide\" role=\"group\" aria-roledescription=\"slide\">\n\t\t\t\t\t\t\t\t\t<div class=\"elementor-carousel-image\" role=\"img\" aria-label=\"Gastenkamer Badkamer\" style=\"background-image: url(&#039;https:\/\/pension-brigitte-henkel.de\/wp-content\/uploads\/2023\/07\/IMG_20230725_112014_edit_17259631043720-scaled.jpg&#039;)\">\n\n\t\t\t\n\t\t\t\t\t<\/div>\n\t\t\t\t\t\t\t\t<\/div>\n\t\t\t\t\t\t\t\t\t\t\t<div class=\"swiper-slide\" role=\"group\" aria-roledescription=\"slide\">\n\t\t\t\t\t\t\t\t\t<div class=\"elementor-carousel-image\" role=\"img\" aria-label=\"Kamer Moezelwolf\" style=\"background-image: url(&#039;https:\/\/pension-brigitte-henkel.de\/wp-content\/uploads\/2023\/07\/IMG_20230725_111631_edit_17385237385368-scaled.jpg&#039;)\">\n\n\t\t\t\n\t\t\t\t\t<\/div>\n\t\t\t\t\t\t\t\t<\/div>\n\t\t\t\t\t\t\t\t\t\t\t<div class=\"swiper-slide\" role=\"group\" aria-roledescription=\"slide\">\n\t\t\t\t\t\t\t\t\t<div class=\"elementor-carousel-image\" role=\"img\" aria-label=\"Gastenkamers aan de Moezel\" style=\"background-image: url(&#039;https:\/\/pension-brigitte-henkel.de\/wp-content\/uploads\/2023\/07\/IMG_20230725_112301_edit_17437805772860-scaled.jpg&#039;)\">\n\n\t\t\t\n\t\t\t\t\t<\/div>\n\t\t\t\t\t\t\t\t<\/div>\n\t\t\t\t\t\t\t\t\t\t\t<div class=\"swiper-slide\" role=\"group\" aria-roledescription=\"slide\">\n\t\t\t\t\t\t\t\t\t<div class=\"elementor-carousel-image\" role=\"img\" aria-label=\"Badkamer Moezel Wolf\" style=\"background-image: url(&#039;https:\/\/pension-brigitte-henkel.de\/wp-content\/uploads\/2023\/07\/IMG_20230725_112111_edit_17317147942670-scaled.jpg&#039;)\">\n\n\t\t\t\n\t\t\t\t\t<\/div>\n\t\t\t\t\t\t\t\t<\/div>\n\t\t\t\t\t\t\t\t\t<\/div>\n\t\t\t\t\t\t\t\t\t\t\t\t\t\t\t<div class=\"elementor-swiper-button elementor-swiper-button-prev\" role=\"button\" tabindex=\"0\" aria-label=\"Vorige\">\n\t\t\t\t\t\t\t<i aria-hidden=\"true\" class=\"eicon-chevron-left\"><\/i>\t\t\t\t\t\t<\/div>\n\t\t\t\t\t\t<div class=\"elementor-swiper-button elementor-swiper-button-next\" role=\"button\" tabindex=\"0\" aria-label=\"Volgende\">\n\t\t\t\t\t\t\t<i aria-hidden=\"true\" class=\"eicon-chevron-right\"><\/i>\t\t\t\t\t\t<\/div>\n\t\t\t\t\t\t\t\t\t\t\t\t\t\t\t\t<div class=\"swiper-pagination\"><\/div>\n\t\t\t\t\t\t\t\t\t\t\t\t<\/div>\n\t\t\t\t<\/div>\n\t\t\t\t\t\t\t\t<\/div>\n\t\t\t\t<\/div>\n\t\t\t\t<div class=\"elementor-element elementor-element-e163da9 elementor-widget elementor-widget-spacer\" data-id=\"e163da9\" data-element_type=\"widget\" data-e-type=\"widget\" data-widget_type=\"spacer.default\">\n\t\t\t\t<div class=\"elementor-widget-container\">\n\t\t\t\t\t\t\t<div class=\"elementor-spacer\">\n\t\t\t<div class=\"elementor-spacer-inner\"><\/div>\n\t\t<\/div>\n\t\t\t\t\t\t<\/div>\n\t\t\t\t<\/div>\n\t\t\t\t<div class=\"elementor-element elementor-element-31b99b2 elementor-blockquote--skin-quotation elementor-blockquote--align-center elementor-widget elementor-widget-blockquote\" data-id=\"31b99b2\" data-element_type=\"widget\" data-e-type=\"widget\" data-widget_type=\"blockquote.default\">\n\t\t\t\t<div class=\"elementor-widget-container\">\n\t\t\t\t\t\t\t<blockquote class=\"elementor-blockquote\">\n\t\t\t<p class=\"elementor-blockquote__content\">\n\t\t\t\tOntspan na een\nfietstocht of wandeling bij ons\nen geniet van ons ontbijt in de ochtend\nons ontbijt. Breng\neen paar heerlijke dagen met\nmet ons door. Ik hoop van harte dat u\ngeniet van uw vakantie aan de Moezel.\nvakantie.\t\t\t<\/p>\n\t\t\t\t\t\t\t<div class=\"e-q-footer\">\n\t\t\t\t\t\t\t\t\t\t\t<cite class=\"elementor-blockquote__author\">Brigitte Henkel | Huisbazin met een hart<\/cite>\n\t\t\t\t\t\t\t\t\t\t\t\t\t\t<\/div>\n\t\t\t\t\t<\/blockquote>\n\t\t\t\t\t\t<\/div>\n\t\t\t\t<\/div>\n\t\t\t\t\t<\/div>\n\t\t<\/div>\n\t\t\t\t\t<\/div>\n\t\t<\/section>\n\t\t\t\t<section class=\"elementor-section elementor-top-section elementor-element elementor-element-df7efe5 elementor-section-boxed elementor-section-height-default elementor-section-height-default\" data-id=\"df7efe5\" data-element_type=\"section\" data-e-type=\"section\">\n\t\t\t\t\t\t<div class=\"elementor-container elementor-column-gap-default\">\n\t\t\t\t\t<div class=\"elementor-column elementor-col-100 elementor-top-column elementor-element elementor-element-56ce453\" data-id=\"56ce453\" data-element_type=\"column\" data-e-type=\"column\">\n\t\t\t<div class=\"elementor-widget-wrap elementor-element-populated\">\n\t\t\t\t\t\t<section class=\"elementor-section elementor-inner-section elementor-element elementor-element-0167a08 elementor-section-boxed elementor-section-height-default elementor-section-height-default\" data-id=\"0167a08\" data-element_type=\"section\" data-e-type=\"section\">\n\t\t\t\t\t\t<div class=\"elementor-container elementor-column-gap-default\">\n\t\t\t\t\t<div class=\"elementor-column elementor-col-50 elementor-inner-column elementor-element elementor-element-b84b358\" data-id=\"b84b358\" data-element_type=\"column\" data-e-type=\"column\">\n\t\t\t<div class=\"elementor-widget-wrap elementor-element-populated\">\n\t\t\t\t\t\t<div class=\"elementor-element elementor-element-cb4880a elementor-widget elementor-widget-image\" data-id=\"cb4880a\" data-element_type=\"widget\" data-e-type=\"widget\" data-widget_type=\"image.default\">\n\t\t\t\t<div class=\"elementor-widget-container\">\n\t\t\t\t\t\t\t\t\t\t\t\t\t\t\t<img fetchpriority=\"high\" decoding=\"async\" width=\"960\" height=\"704\" src=\"https:\/\/pension-brigitte-henkel.de\/wp-content\/uploads\/2023\/07\/IMG_20230725_112301_edit_17437805772860-1024x751.jpg\" class=\"attachment-large size-large wp-image-5090\" alt=\"Gastenkamers aan de Moezel\" srcset=\"https:\/\/pension-brigitte-henkel.de\/wp-content\/uploads\/2023\/07\/IMG_20230725_112301_edit_17437805772860-1024x751.jpg 1024w, https:\/\/pension-brigitte-henkel.de\/wp-content\/uploads\/2023\/07\/IMG_20230725_112301_edit_17437805772860-300x220.jpg 300w, https:\/\/pension-brigitte-henkel.de\/wp-content\/uploads\/2023\/07\/IMG_20230725_112301_edit_17437805772860-768x564.jpg 768w, https:\/\/pension-brigitte-henkel.de\/wp-content\/uploads\/2023\/07\/IMG_20230725_112301_edit_17437805772860-1536x1127.jpg 1536w, https:\/\/pension-brigitte-henkel.de\/wp-content\/uploads\/2023\/07\/IMG_20230725_112301_edit_17437805772860-2048x1503.jpg 2048w\" sizes=\"(max-width: 960px) 100vw, 960px\" \/>\t\t\t\t\t\t\t\t\t\t\t\t\t\t\t<\/div>\n\t\t\t\t<\/div>\n\t\t\t\t\t<\/div>\n\t\t<\/div>\n\t\t\t\t<div class=\"elementor-column elementor-col-50 elementor-inner-column elementor-element elementor-element-6efa223\" data-id=\"6efa223\" data-element_type=\"column\" data-e-type=\"column\">\n\t\t\t<div class=\"elementor-widget-wrap elementor-element-populated\">\n\t\t\t\t\t\t<div class=\"elementor-element elementor-element-dcc225a elementor-widget elementor-widget-heading\" data-id=\"dcc225a\" data-element_type=\"widget\" data-e-type=\"widget\" data-widget_type=\"heading.default\">\n\t\t\t\t<div class=\"elementor-widget-container\">\n\t\t\t\t\t<h2 class=\"elementor-heading-title elementor-size-default\">Gezellige en ruime\ntweepersoonskamers<\/h2>\t\t\t\t<\/div>\n\t\t\t\t<\/div>\n\t\t\t\t<div class=\"elementor-element elementor-element-4454f1b elementor-widget elementor-widget-text-editor\" data-id=\"4454f1b\" data-element_type=\"widget\" data-e-type=\"widget\" data-widget_type=\"text-editor.default\">\n\t\t\t\t<div class=\"elementor-widget-container\">\n\t\t\t\t\t\t\t\t\t<p>Met deze foto's willen we je een<br \/>geven een kleine indruk. De gastenkamers<br \/>bevinden zich op de eerste en tweede verdieping.<br \/>Ik zou ook graag een glas met je drinken<br \/>wijn of advies over wat je de volgende dag moet drinken.<br \/>kunnen ervaren.<\/p>\t\t\t\t\t\t\t\t<\/div>\n\t\t\t\t<\/div>\n\t\t\t\t\t<\/div>\n\t\t<\/div>\n\t\t\t\t\t<\/div>\n\t\t<\/section>\n\t\t\t\t\t<\/div>\n\t\t<\/div>\n\t\t\t\t\t<\/div>\n\t\t<\/section>\n\t\t\t\t<section class=\"elementor-section elementor-top-section elementor-element elementor-element-7947823 elementor-section-boxed elementor-section-height-default elementor-section-height-default\" data-id=\"7947823\" data-element_type=\"section\" data-e-type=\"section\">\n\t\t\t\t\t\t<div class=\"elementor-container elementor-column-gap-default\">\n\t\t\t\t\t<div class=\"elementor-column elementor-col-50 elementor-top-column elementor-element elementor-element-3d8602c\" data-id=\"3d8602c\" data-element_type=\"column\" data-e-type=\"column\">\n\t\t\t<div class=\"elementor-widget-wrap elementor-element-populated\">\n\t\t\t\t\t\t<div class=\"elementor-element elementor-element-b1ae51e elementor-widget elementor-widget-heading\" data-id=\"b1ae51e\" data-element_type=\"widget\" data-e-type=\"widget\" data-widget_type=\"heading.default\">\n\t\t\t\t<div class=\"elementor-widget-container\">\n\t\t\t\t\t<h2 class=\"elementor-heading-title elementor-size-default\">Slaap lekker bij ons<\/h2>\t\t\t\t<\/div>\n\t\t\t\t<\/div>\n\t\t\t\t<div class=\"elementor-element elementor-element-5bcd8b2 elementor-widget elementor-widget-text-editor\" data-id=\"5bcd8b2\" data-element_type=\"widget\" data-e-type=\"widget\" data-widget_type=\"text-editor.default\">\n\t\t\t\t<div class=\"elementor-widget-container\">\n\t\t\t\t\t\t\t\t\t<p>Onze drie tweepersoonskamers nodigen u van harte uit<br \/>\u00e9\u00e9n. Voor een grotere groep kan het aantal<br \/>aantal tweepersoonskamers uitgebreid tot 7 gastenkamers<br \/>worden.<\/p><p><br \/>We hopen van harte dat u<br \/>zich goed zal voelen. Fris wakker worden in de ochtend<br \/>op. Elk van onze gastenkamers is anders ingericht en heeft zijn eigen karakter. We wensen je een<br \/>Goedenacht. Hopelijk ontvangt u<br \/>genoeg rust om door te kunnen gaan met de<br \/>Moezel met zijn vele mogelijkheden<br \/>om het uit te proberen. Nu kijken<br \/>al aangeven welke wandelroutes we<br \/>omgeving voor jou. Bovendien<br \/>je kunt ook genieten van een mooie tocht met de auto<br \/>en geniet van het landschap met de<br \/>prachtige groene hellingen van wijngaarden<br \/>bekijken.<\/p><p>\u00a0<\/p>\t\t\t\t\t\t\t\t<\/div>\n\t\t\t\t<\/div>\n\t\t\t\t\t<\/div>\n\t\t<\/div>\n\t\t\t\t<div class=\"elementor-column elementor-col-50 elementor-top-column elementor-element elementor-element-1700d08\" data-id=\"1700d08\" data-element_type=\"column\" data-e-type=\"column\">\n\t\t\t<div class=\"elementor-widget-wrap elementor-element-populated\">\n\t\t\t\t\t\t<div class=\"elementor-element elementor-element-26543e4 elementor-widget elementor-widget-image\" data-id=\"26543e4\" data-element_type=\"widget\" data-e-type=\"widget\" data-widget_type=\"image.default\">\n\t\t\t\t<div class=\"elementor-widget-container\">\n\t\t\t\t\t\t\t\t\t\t\t\t\t\t\t<img decoding=\"async\" width=\"960\" height=\"720\" src=\"https:\/\/pension-brigitte-henkel.de\/wp-content\/uploads\/2023\/07\/IMG_20230725_111631_edit_17385237385368-1024x768.jpg\" class=\"attachment-large size-large wp-image-5087\" alt=\"Kamer Moezelwolf\" srcset=\"https:\/\/pension-brigitte-henkel.de\/wp-content\/uploads\/2023\/07\/IMG_20230725_111631_edit_17385237385368-1024x768.jpg 1024w, https:\/\/pension-brigitte-henkel.de\/wp-content\/uploads\/2023\/07\/IMG_20230725_111631_edit_17385237385368-300x225.jpg 300w, https:\/\/pension-brigitte-henkel.de\/wp-content\/uploads\/2023\/07\/IMG_20230725_111631_edit_17385237385368-768x576.jpg 768w, https:\/\/pension-brigitte-henkel.de\/wp-content\/uploads\/2023\/07\/IMG_20230725_111631_edit_17385237385368-1536x1152.jpg 1536w, https:\/\/pension-brigitte-henkel.de\/wp-content\/uploads\/2023\/07\/IMG_20230725_111631_edit_17385237385368-2048x1536.jpg 2048w, https:\/\/pension-brigitte-henkel.de\/wp-content\/uploads\/2023\/07\/IMG_20230725_111631_edit_17385237385368-400x300.jpg 400w\" sizes=\"(max-width: 960px) 100vw, 960px\" \/>\t\t\t\t\t\t\t\t\t\t\t\t\t\t\t<\/div>\n\t\t\t\t<\/div>\n\t\t\t\t\t<\/div>\n\t\t<\/div>\n\t\t\t\t\t<\/div>\n\t\t<\/section>\n\t\t\t\t<section class=\"elementor-section elementor-top-section elementor-element elementor-element-90eba77 elementor-section-boxed elementor-section-height-default elementor-section-height-default\" data-id=\"90eba77\" data-element_type=\"section\" data-e-type=\"section\">\n\t\t\t\t\t\t<div class=\"elementor-container elementor-column-gap-default\">\n\t\t\t\t\t<div class=\"elementor-column elementor-col-50 elementor-top-column elementor-element elementor-element-32b0e7d\" data-id=\"32b0e7d\" data-element_type=\"column\" data-e-type=\"column\">\n\t\t\t<div class=\"elementor-widget-wrap elementor-element-populated\">\n\t\t\t\t\t\t<div class=\"elementor-element elementor-element-bcf5a52 elementor-widget elementor-widget-image\" data-id=\"bcf5a52\" data-element_type=\"widget\" data-e-type=\"widget\" data-widget_type=\"image.default\">\n\t\t\t\t<div class=\"elementor-widget-container\">\n\t\t\t\t\t\t\t\t\t\t\t\t\t\t\t<img decoding=\"async\" width=\"960\" height=\"720\" src=\"https:\/\/pension-brigitte-henkel.de\/wp-content\/uploads\/2023\/07\/IMG_20230725_112014_edit_17259631043720-1024x768.jpg\" class=\"attachment-large size-large wp-image-5088\" alt=\"Gastenkamer Badkamer\" srcset=\"https:\/\/pension-brigitte-henkel.de\/wp-content\/uploads\/2023\/07\/IMG_20230725_112014_edit_17259631043720-1024x768.jpg 1024w, https:\/\/pension-brigitte-henkel.de\/wp-content\/uploads\/2023\/07\/IMG_20230725_112014_edit_17259631043720-300x225.jpg 300w, https:\/\/pension-brigitte-henkel.de\/wp-content\/uploads\/2023\/07\/IMG_20230725_112014_edit_17259631043720-768x576.jpg 768w, https:\/\/pension-brigitte-henkel.de\/wp-content\/uploads\/2023\/07\/IMG_20230725_112014_edit_17259631043720-1536x1152.jpg 1536w, https:\/\/pension-brigitte-henkel.de\/wp-content\/uploads\/2023\/07\/IMG_20230725_112014_edit_17259631043720-2048x1536.jpg 2048w, https:\/\/pension-brigitte-henkel.de\/wp-content\/uploads\/2023\/07\/IMG_20230725_112014_edit_17259631043720-400x300.jpg 400w\" sizes=\"(max-width: 960px) 100vw, 960px\" \/>\t\t\t\t\t\t\t\t\t\t\t\t\t\t\t<\/div>\n\t\t\t\t<\/div>\n\t\t\t\t\t<\/div>\n\t\t<\/div>\n\t\t\t\t<div class=\"elementor-column elementor-col-50 elementor-top-column elementor-element elementor-element-97d83a4\" data-id=\"97d83a4\" data-element_type=\"column\" data-e-type=\"column\">\n\t\t\t<div class=\"elementor-widget-wrap elementor-element-populated\">\n\t\t\t\t\t\t<div class=\"elementor-element elementor-element-db93b51 elementor-widget elementor-widget-heading\" data-id=\"db93b51\" data-element_type=\"widget\" data-e-type=\"widget\" data-widget_type=\"heading.default\">\n\t\t\t\t<div class=\"elementor-widget-container\">\n\t\t\t\t\t<h2 class=\"elementor-heading-title elementor-size-default\">Nieuwe ontwerpidee\u00ebn<\/h2>\t\t\t\t<\/div>\n\t\t\t\t<\/div>\n\t\t\t\t<div class=\"elementor-element elementor-element-da408ee elementor-widget elementor-widget-text-editor\" data-id=\"da408ee\" data-element_type=\"widget\" data-e-type=\"widget\" data-widget_type=\"text-editor.default\">\n\t\t\t\t<div class=\"elementor-widget-container\">\n\t\t\t\t\t\t\t\t\t<p>Ik volg renovatieprogramma's zoals Fixer Upper met plezier en enthousiasme.&nbsp;<span style=\"font-size: 16px; color: var( --e-global-color-text ); font-family: var( --e-global-typography-text-font-family ), Sans-serif; font-weight: var( --e-global-typography-text-font-weight );\">en probeer de meest creatieve idee\u00ebn in mijn gastenverblijf te realiseren. Daardoor zul je elk jaar verrast worden door een positieve verandering in een van onze kamers of vakantiewoningen.&nbsp;<\/span><\/p>\t\t\t\t\t\t\t\t<\/div>\n\t\t\t\t<\/div>\n\t\t\t\t\t<\/div>\n\t\t<\/div>\n\t\t\t\t\t<\/div>\n\t\t<\/section>\n\t\t\t\t<section class=\"elementor-section elementor-top-section elementor-element elementor-element-941ab6e elementor-section-boxed elementor-section-height-default elementor-section-height-default\" data-id=\"941ab6e\" data-element_type=\"section\" data-e-type=\"section\">\n\t\t\t\t\t\t<div class=\"elementor-container elementor-column-gap-default\">\n\t\t\t\t\t<div class=\"elementor-column elementor-col-50 elementor-top-column elementor-element elementor-element-bd61989\" data-id=\"bd61989\" data-element_type=\"column\" data-e-type=\"column\">\n\t\t\t<div class=\"elementor-widget-wrap elementor-element-populated\">\n\t\t\t\t\t\t<div class=\"elementor-element elementor-element-c27f512 elementor-widget elementor-widget-heading\" data-id=\"c27f512\" data-element_type=\"widget\" data-e-type=\"widget\" data-widget_type=\"heading.default\">\n\t\t\t\t<div class=\"elementor-widget-container\">\n\t\t\t\t\t<h2 class=\"elementor-heading-title elementor-size-default\">U bevindt zich midden in het dorp.<\/h2>\t\t\t\t<\/div>\n\t\t\t\t<\/div>\n\t\t\t\t<div class=\"elementor-element elementor-element-2d68b69 elementor-widget elementor-widget-text-editor\" data-id=\"2d68b69\" data-element_type=\"widget\" data-e-type=\"widget\" data-widget_type=\"text-editor.default\">\n\t\t\t\t<div class=\"elementor-widget-container\">\n\t\t\t\t\t\t\t\t\t<p>Direct gelegen aan de hoofdader van het dorp,<br>je bent altijd in het middelpunt van de actie.<br>Het pension ligt in het centrum van het dorp naast de<br>historische centrum van het dorp met de<br>Kerk wijnmakerij. Het is er aangenaam rustig en<br>Je kunt diep ademhalen. Tijdens je<br>verblijf is ook altijd een<br>Wandel door het dorp. Ervaar de<br>charme van het dorpje Wolf an der Mosel.<br>Met veel vakwerkhuizen en<br>steengroeve huizen, deze plaats heeft een<br>speciale uitstraling. Lees hier iets<br>over de geschiedenis van het dorp Wolf.<\/p>\t\t\t\t\t\t\t\t<\/div>\n\t\t\t\t<\/div>\n\t\t\t\t\t<\/div>\n\t\t<\/div>\n\t\t\t\t<div class=\"elementor-column elementor-col-50 elementor-top-column elementor-element elementor-element-310755f\" data-id=\"310755f\" data-element_type=\"column\" data-e-type=\"column\">\n\t\t\t<div class=\"elementor-widget-wrap elementor-element-populated\">\n\t\t\t\t\t\t<div class=\"elementor-element elementor-element-eeb1a84 elementor-widget elementor-widget-image\" data-id=\"eeb1a84\" data-element_type=\"widget\" data-e-type=\"widget\" data-widget_type=\"image.default\">\n\t\t\t\t<div class=\"elementor-widget-container\">\n\t\t\t\t\t\t\t\t\t\t\t\t\t\t\t<img loading=\"lazy\" decoding=\"async\" width=\"582\" height=\"600\" src=\"https:\/\/pension-brigitte-henkel.de\/wp-content\/uploads\/2023\/07\/Wedenhofstrasse-Wolf_small_vs2.jpeg\" class=\"attachment-full size-full wp-image-5092\" alt=\"\" srcset=\"https:\/\/pension-brigitte-henkel.de\/wp-content\/uploads\/2023\/07\/Wedenhofstrasse-Wolf_small_vs2.jpeg 582w, https:\/\/pension-brigitte-henkel.de\/wp-content\/uploads\/2023\/07\/Wedenhofstrasse-Wolf_small_vs2-291x300.jpeg 291w\" sizes=\"(max-width: 582px) 100vw, 582px\" \/>\t\t\t\t\t\t\t\t\t\t\t\t\t\t\t<\/div>\n\t\t\t\t<\/div>\n\t\t\t\t\t<\/div>\n\t\t<\/div>\n\t\t\t\t\t<\/div>\n\t\t<\/section>\n\t\t\t\t<\/div>","protected":false},"excerpt":{"rendered":"<p>Ontspan bij ons na een fietstocht of wandeling en geniet 's ochtends van ons ontbijt. Breng een paar heerlijke dagen met ons door. Ik hoop van harte dat u zult genieten van uw vakantie aan de Moezel. Brigitte Henkel | Wirtin mit Herz Gezellige en ruime tweepersoonskamers Met deze foto's willen we u graag een kleine impressie geven.... <\/p>\n<div class=\"clear\"><\/div>\n<p><a href=\"https:\/\/pension-brigitte-henkel.de\/nl\/gastenkamer\/\" class=\"excerpt-read-more\">Verder lezen<i class=\"fa fa-long-arrow-right icon-long-arrow-right\"><\/i><\/a><\/p>","protected":false},"author":1,"featured_media":5116,"parent":0,"menu_order":0,"comment_status":"closed","ping_status":"closed","template":"","meta":{"footnotes":""},"class_list":["post-222","page","type-page","status-publish","has-post-thumbnail","hentry"],"yoast_head":"<!-- This site is optimized with the Yoast SEO Premium plugin v26.4 (Yoast SEO v27.5) - https:\/\/yoast.com\/product\/yoast-seo-premium-wordpress\/ -->\n<title>G\u00e4stezimmer Doppelzimmer in Wolf an der Mosel (Mittelmosel)<\/title>\n<meta name=\"description\" content=\"Kommen Sie zu uns nach Wolf. Unsere sch\u00f6n eingerichteten G\u00e4stezimmer laden Sie ein zu einem unvergesslichen Urlaub an der Mosel.\" \/>\n<meta name=\"robots\" content=\"index, follow, max-snippet:-1, max-image-preview:large, max-video-preview:-1\" \/>\n<link rel=\"canonical\" href=\"https:\/\/pension-brigitte-henkel.de\/nl\/gastenkamer\/\" \/>\n<meta property=\"og:locale\" content=\"nl_NL\" \/>\n<meta property=\"og:type\" content=\"article\" \/>\n<meta property=\"og:title\" content=\"G\u00e4stezimmer\" \/>\n<meta property=\"og:description\" content=\"Kommen Sie zu uns nach Wolf. Unsere sch\u00f6n eingerichteten G\u00e4stezimmer laden Sie ein zu einem unvergesslichen Urlaub an der Mosel.\" \/>\n<meta property=\"og:url\" content=\"https:\/\/pension-brigitte-henkel.de\/nl\/gastenkamer\/\" \/>\n<meta property=\"og:site_name\" content=\"Pension Brigitte Henkel\" \/>\n<meta property=\"article:modified_time\" content=\"2025-12-07T12:30:07+00:00\" \/>\n<meta property=\"og:image\" content=\"https:\/\/pension-brigitte-henkel.de\/wp-content\/uploads\/2023\/07\/Slider-nieuwe-gaestezimmer-landingpage-scaled.jpg\" \/>\n\t<meta property=\"og:image:width\" content=\"2560\" \/>\n\t<meta property=\"og:image:height\" content=\"713\" \/>\n\t<meta property=\"og:image:type\" content=\"image\/jpeg\" \/>\n<meta name=\"twitter:card\" content=\"summary_large_image\" \/>\n<meta name=\"twitter:label1\" content=\"Geschatte leestijd\" \/>\n\t<meta name=\"twitter:data1\" content=\"3 minuten\" \/>\n<!-- \/ Yoast SEO Premium plugin. -->","yoast_head_json":{"title":"Gastenkamer tweepersoonskamer in Wolf an der Mosel (Midden Moezel)","description":"Kom en verblijf bij ons in Wolf. Onze prachtig ingerichte gastenkamers nodigen je uit voor een onvergetelijke vakantie aan de Moezel.","robots":{"index":"index","follow":"follow","max-snippet":"max-snippet:-1","max-image-preview":"max-image-preview:large","max-video-preview":"max-video-preview:-1"},"canonical":"https:\/\/pension-brigitte-henkel.de\/nl\/gastenkamer\/","og_locale":"nl_NL","og_type":"article","og_title":"G\u00e4stezimmer","og_description":"Kommen Sie zu uns nach Wolf. Unsere sch\u00f6n eingerichteten G\u00e4stezimmer laden Sie ein zu einem unvergesslichen Urlaub an der Mosel.","og_url":"https:\/\/pension-brigitte-henkel.de\/nl\/gastenkamer\/","og_site_name":"Pension Brigitte Henkel","article_modified_time":"2025-12-07T12:30:07+00:00","og_image":[{"width":2560,"height":713,"url":"https:\/\/pension-brigitte-henkel.de\/wp-content\/uploads\/2023\/07\/Slider-nieuwe-gaestezimmer-landingpage-scaled.jpg","type":"image\/jpeg"}],"twitter_card":"summary_large_image","twitter_misc":{"Geschatte leestijd":"3 minuten"},"schema":{"@context":"https:\/\/schema.org","@graph":[{"@type":"WebPage","@id":"https:\/\/pension-brigitte-henkel.de\/gaestezimmer\/","url":"https:\/\/pension-brigitte-henkel.de\/gaestezimmer\/","name":"Gastenkamer tweepersoonskamer in Wolf an der Mosel (Midden Moezel)","isPartOf":{"@id":"https:\/\/pension-brigitte-henkel.de\/#website"},"primaryImageOfPage":{"@id":"https:\/\/pension-brigitte-henkel.de\/gaestezimmer\/#primaryimage"},"image":{"@id":"https:\/\/pension-brigitte-henkel.de\/gaestezimmer\/#primaryimage"},"thumbnailUrl":"https:\/\/pension-brigitte-henkel.de\/wp-content\/uploads\/2023\/07\/Slider-nieuwe-gaestezimmer-landingpage-scaled.jpg","datePublished":"2017-01-02T23:16:48+00:00","dateModified":"2025-12-07T12:30:07+00:00","description":"Kom en verblijf bij ons in Wolf. Onze prachtig ingerichte gastenkamers nodigen je uit voor een onvergetelijke vakantie aan de Moezel.","breadcrumb":{"@id":"https:\/\/pension-brigitte-henkel.de\/gaestezimmer\/#breadcrumb"},"inLanguage":"nl-NL","potentialAction":[{"@type":"ReadAction","target":["https:\/\/pension-brigitte-henkel.de\/gaestezimmer\/"]}]},{"@type":"ImageObject","inLanguage":"nl-NL","@id":"https:\/\/pension-brigitte-henkel.de\/gaestezimmer\/#primaryimage","url":"https:\/\/pension-brigitte-henkel.de\/wp-content\/uploads\/2023\/07\/Slider-nieuwe-gaestezimmer-landingpage-scaled.jpg","contentUrl":"https:\/\/pension-brigitte-henkel.de\/wp-content\/uploads\/2023\/07\/Slider-nieuwe-gaestezimmer-landingpage-scaled.jpg","width":2560,"height":713,"caption":"G\u00e4stezimmer Mosel Wolf"},{"@type":"BreadcrumbList","@id":"https:\/\/pension-brigitte-henkel.de\/gaestezimmer\/#breadcrumb","itemListElement":[{"@type":"ListItem","position":1,"name":"Startseite","item":"https:\/\/pension-brigitte-henkel.de\/"},{"@type":"ListItem","position":2,"name":"G\u00e4stezimmer"}]},{"@type":"WebSite","@id":"https:\/\/pension-brigitte-henkel.de\/#website","url":"https:\/\/pension-brigitte-henkel.de\/","name":"Pension Brigitte Henkel","description":"Gastvrouw met hart in Wolf\/Traben-Trarbach aan de Moezel","publisher":{"@id":"https:\/\/pension-brigitte-henkel.de\/#organization"},"potentialAction":[{"@type":"SearchAction","target":{"@type":"EntryPoint","urlTemplate":"https:\/\/pension-brigitte-henkel.de\/?s={search_term_string}"},"query-input":{"@type":"PropertyValueSpecification","valueRequired":true,"valueName":"search_term_string"}}],"inLanguage":"nl-NL"},{"@type":"Organization","@id":"https:\/\/pension-brigitte-henkel.de\/#organization","name":"Pension Brigitte Henkel","url":"https:\/\/pension-brigitte-henkel.de\/","logo":{"@type":"ImageObject","inLanguage":"nl-NL","@id":"https:\/\/pension-brigitte-henkel.de\/#\/schema\/logo\/image\/","url":"https:\/\/pension-brigitte-henkel.de\/wp-content\/uploads\/2020\/08\/Logo-transparent.png","contentUrl":"https:\/\/pension-brigitte-henkel.de\/wp-content\/uploads\/2020\/08\/Logo-transparent.png","width":534,"height":123,"caption":"Pension Brigitte Henkel"},"image":{"@id":"https:\/\/pension-brigitte-henkel.de\/#\/schema\/logo\/image\/"}}]}},"_links":{"self":[{"href":"https:\/\/pension-brigitte-henkel.de\/nl\/wp-json\/wp\/v2\/pages\/222","targetHints":{"allow":["GET"]}}],"collection":[{"href":"https:\/\/pension-brigitte-henkel.de\/nl\/wp-json\/wp\/v2\/pages"}],"about":[{"href":"https:\/\/pension-brigitte-henkel.de\/nl\/wp-json\/wp\/v2\/types\/page"}],"author":[{"embeddable":true,"href":"https:\/\/pension-brigitte-henkel.de\/nl\/wp-json\/wp\/v2\/users\/1"}],"replies":[{"embeddable":true,"href":"https:\/\/pension-brigitte-henkel.de\/nl\/wp-json\/wp\/v2\/comments?post=222"}],"version-history":[{"count":10,"href":"https:\/\/pension-brigitte-henkel.de\/nl\/wp-json\/wp\/v2\/pages\/222\/revisions"}],"predecessor-version":[{"id":5869,"href":"https:\/\/pension-brigitte-henkel.de\/nl\/wp-json\/wp\/v2\/pages\/222\/revisions\/5869"}],"wp:featuredmedia":[{"embeddable":true,"href":"https:\/\/pension-brigitte-henkel.de\/nl\/wp-json\/wp\/v2\/media\/5116"}],"wp:attachment":[{"href":"https:\/\/pension-brigitte-henkel.de\/nl\/wp-json\/wp\/v2\/media?parent=222"}],"curies":[{"name":"wp","href":"https:\/\/api.w.org\/{rel}","templated":true}]}}