{"id":597,"date":"2017-01-21T17:55:38","date_gmt":"2017-01-21T16:55:38","guid":{"rendered":"https:\/\/pension-brigitte-henkel.de\/?page_id=597"},"modified":"2025-07-24T13:20:51","modified_gmt":"2025-07-24T11:20:51","slug":"instalaciones-en-los-alrededores-de-wolf","status":"publish","type":"page","link":"https:\/\/pension-brigitte-henkel.de\/es\/instalaciones-en-los-alrededores-de-wolf\/","title":{"rendered":"alquiler de bicicletas"},"content":{"rendered":"<div data-elementor-type=\"wp-page\" data-elementor-id=\"597\" class=\"elementor elementor-597\" data-elementor-post-type=\"page\">\n\t\t\t\t\t\t<section class=\"elementor-section elementor-top-section elementor-element elementor-element-16380cd5 elementor-section-boxed elementor-section-height-default elementor-section-height-default\" data-id=\"16380cd5\" data-element_type=\"section\" data-e-type=\"section\">\n\t\t\t\t\t\t<div class=\"elementor-container elementor-column-gap-default\">\n\t\t\t\t\t<div class=\"elementor-column elementor-col-100 elementor-top-column elementor-element elementor-element-5614355d\" data-id=\"5614355d\" data-element_type=\"column\" data-e-type=\"column\">\n\t\t\t<div class=\"elementor-widget-wrap elementor-element-populated\">\n\t\t\t\t\t\t<div class=\"elementor-element elementor-element-a881efe elementor-widget elementor-widget-heading\" data-id=\"a881efe\" data-element_type=\"widget\" data-e-type=\"widget\" data-widget_type=\"heading.default\">\n\t\t\t\t<div class=\"elementor-widget-container\">\n\t\t\t\t\t<h2 class=\"elementor-heading-title elementor-size-default\">Descubra el Mosela en bicicleta<\/h2>\t\t\t\t<\/div>\n\t\t\t\t<\/div>\n\t\t\t\t<section class=\"elementor-section elementor-inner-section elementor-element elementor-element-17f1f53 elementor-section-boxed elementor-section-height-default elementor-section-height-default\" data-id=\"17f1f53\" data-element_type=\"section\" data-e-type=\"section\">\n\t\t\t\t\t\t<div class=\"elementor-container elementor-column-gap-default\">\n\t\t\t\t\t<div class=\"elementor-column elementor-col-50 elementor-inner-column elementor-element elementor-element-44a58b3\" data-id=\"44a58b3\" data-element_type=\"column\" data-e-type=\"column\">\n\t\t\t<div class=\"elementor-widget-wrap elementor-element-populated\">\n\t\t\t\t\t\t<div class=\"elementor-element elementor-element-b079f33 elementor-widget elementor-widget-text-editor\" data-id=\"b079f33\" data-element_type=\"widget\" data-e-type=\"widget\" data-widget_type=\"text-editor.default\">\n\t\t\t\t<div class=\"elementor-widget-container\">\n\t\t\t\t\t\t\t\t\t<p>Descubra el Mosela en bicicleta No necesita traer su propia bicicleta <strong>a<\/strong> para practicar deporte en bicicleta. As\u00ed, en nuestro pueblo de Wolf ya existe la posibilidad de alquilar bicicletas y bicicletas el\u00e9ctricas en la tienda Michael Tholl. <strong>prestar<\/strong>. Especialmente si usted <strong>uno o dos<\/strong> Si solo puede imaginar paseos en bicicleta, el alquiler es la opci\u00f3n adecuada.<\/p>\t\t\t\t\t\t\t\t<\/div>\n\t\t\t\t<\/div>\n\t\t\t\t<div class=\"elementor-element elementor-element-75cf8d0 elementor-widget elementor-widget-text-editor\" data-id=\"75cf8d0\" data-element_type=\"widget\" data-e-type=\"widget\" data-widget_type=\"text-editor.default\">\n\t\t\t\t<div class=\"elementor-widget-container\">\n\t\t\t\t\t\t\t\t\t<h4 data-dtype=\"d3ifr\" data-local-attribute=\"d3bn\" data-attrid=\"title\" data-ved=\"2ahUKEwi07Ornv7COAxWjgf0HHdrtB5YQ3B0oAHoECFoQAQ\">Alquiler de bicicletas y bicicletas el\u00e9ctricas<\/h4><p>Alquiler de bicicletas Michael Tholl<\/p><p><strong>(<a href=\"https:\/\/g.co\/kgs\/Rqj7QFw\" target=\"_blank\" rel=\"noopener\">Enlace a Google Maps<\/a>)<\/strong><\/p>\t\t\t\t\t\t\t\t<\/div>\n\t\t\t\t<\/div>\n\t\t\t\t<div class=\"elementor-element elementor-element-2297935 elementor-widget elementor-widget-heading\" data-id=\"2297935\" data-element_type=\"widget\" data-e-type=\"widget\" data-widget_type=\"heading.default\">\n\t\t\t\t<div class=\"elementor-widget-container\">\n\t\t\t\t\t<h2 class=\"elementor-heading-title elementor-size-default\">Ideal para la bicicleta<\/h2>\t\t\t\t<\/div>\n\t\t\t\t<\/div>\n\t\t\t\t<div class=\"elementor-element elementor-element-18dda40 elementor-widget elementor-widget-text-editor\" data-id=\"18dda40\" data-element_type=\"widget\" data-e-type=\"widget\" data-widget_type=\"text-editor.default\">\n\t\t\t\t<div class=\"elementor-widget-container\">\n\t\t\t\t\t\t\t\t\t<p>Ideal para ir en bicicleta La ruta ciclista de Wolf a Bernkastel-Kues es especialmente bonita, ya que discurre junto al r\u00edo Mosela y est\u00e1 completamente asfaltada. <strong>Debido a que<\/strong> Conscientemente, tras el desmantelamiento de las antiguas v\u00edas del antiguo ferrocarril del valle del Mosela, con la idea de <strong>jugado<\/strong> Si desea utilizar esta ruta para ciclistas, conduzca aqu\u00ed. <strong>en un<\/strong> Carril bici notablemente llano y muy bien acondicionado.<\/p>\t\t\t\t\t\t\t\t<\/div>\n\t\t\t\t<\/div>\n\t\t\t\t<div class=\"elementor-element elementor-element-962b791 elementor-widget elementor-widget-heading\" data-id=\"962b791\" data-element_type=\"widget\" data-e-type=\"widget\" data-widget_type=\"heading.default\">\n\t\t\t\t<div class=\"elementor-widget-container\">\n\t\t\t\t\t<h2 class=\"elementor-heading-title elementor-size-default\">Excursiones en bicicleta por el Mosela<\/h2>\t\t\t\t<\/div>\n\t\t\t\t<\/div>\n\t\t\t\t<div class=\"elementor-element elementor-element-6822286 elementor-widget__width-initial elementor-widget elementor-widget-text-editor\" data-id=\"6822286\" data-element_type=\"widget\" data-e-type=\"widget\" data-widget_type=\"text-editor.default\">\n\t\t\t\t<div class=\"elementor-widget-container\">\n\t\t\t\t\t\t\t\t\t<div><p>No hay escasez de rutas ciclistas. Solo para darle una idea, las siguientes rutas son muy recomendables:<\/p><p><b>Ruta ciclista del Mosela entre L\u00f6snich y Wolf<\/b> \u2013 Tramo de la famosa ruta ciclista del Mosela, que pasa directamente por Wolf.<\/p><p><b>Ruta ciclista por el Mosela Graacher Schanzen<\/b> \u2013 Ruta circular (aprox. 30 km) desde Bernkastel-Kues pasando por Wolf y vuelta.<\/p><\/div><div><b>Ruta ciclista Moselh\u00f6henradweg: de las monta\u00f1as de Wolfer y las leyendas de Kr\u00f6ver <\/b>\u2013 Descubra lo mejor del valle del Mosela en una ruta de 27 km: desde Kr\u00f6v se sube al Mont Royal, pasando por Traben-Trarbach y Wolf, y luego se regresa a Kr\u00f6v pasando por Kinheim.<\/div>\t\t\t\t\t\t\t\t<\/div>\n\t\t\t\t<\/div>\n\t\t\t\t\t<\/div>\n\t\t<\/div>\n\t\t\t\t<div class=\"elementor-column elementor-col-50 elementor-inner-column elementor-element elementor-element-e3be4ac\" data-id=\"e3be4ac\" data-element_type=\"column\" data-e-type=\"column\">\n\t\t\t<div class=\"elementor-widget-wrap elementor-element-populated\">\n\t\t\t\t\t\t<div class=\"elementor-element elementor-element-a11c107 elementor-widget elementor-widget-image\" data-id=\"a11c107\" data-element_type=\"widget\" data-e-type=\"widget\" data-widget_type=\"image.default\">\n\t\t\t\t<div class=\"elementor-widget-container\">\n\t\t\t\t\t\t\t\t\t\t\t\t\t\t\t<img fetchpriority=\"high\" decoding=\"async\" width=\"960\" height=\"720\" src=\"https:\/\/pension-brigitte-henkel.de\/wp-content\/uploads\/2017\/01\/369-1024x768.jpg\" class=\"attachment-large size-large wp-image-452\" alt=\"\" srcset=\"https:\/\/pension-brigitte-henkel.de\/wp-content\/uploads\/2017\/01\/369-1024x768.jpg 1024w, https:\/\/pension-brigitte-henkel.de\/wp-content\/uploads\/2017\/01\/369-300x225.jpg 300w, https:\/\/pension-brigitte-henkel.de\/wp-content\/uploads\/2017\/01\/369-768x576.jpg 768w, https:\/\/pension-brigitte-henkel.de\/wp-content\/uploads\/2017\/01\/369-e1484779407157.jpg 1200w\" sizes=\"(max-width: 960px) 100vw, 960px\" \/>\t\t\t\t\t\t\t\t\t\t\t\t\t\t\t<\/div>\n\t\t\t\t<\/div>\n\t\t\t\t\t<\/div>\n\t\t<\/div>\n\t\t\t\t\t<\/div>\n\t\t<\/section>\n\t\t\t\t<section class=\"elementor-section elementor-inner-section elementor-element elementor-element-262a91c elementor-section-boxed elementor-section-height-default elementor-section-height-default\" data-id=\"262a91c\" data-element_type=\"section\" data-e-type=\"section\">\n\t\t\t\t\t\t<div class=\"elementor-container elementor-column-gap-default\">\n\t\t\t\t\t<div class=\"elementor-column elementor-col-50 elementor-inner-column elementor-element elementor-element-93e0940\" data-id=\"93e0940\" data-element_type=\"column\" data-e-type=\"column\">\n\t\t\t<div class=\"elementor-widget-wrap elementor-element-populated\">\n\t\t\t\t\t\t<div class=\"elementor-element elementor-element-0c7554a elementor-widget elementor-widget-image\" data-id=\"0c7554a\" data-element_type=\"widget\" data-e-type=\"widget\" data-widget_type=\"image.default\">\n\t\t\t\t<div class=\"elementor-widget-container\">\n\t\t\t\t\t\t\t\t\t\t\t\t\t\t\t<img decoding=\"async\" width=\"960\" height=\"720\" src=\"https:\/\/pension-brigitte-henkel.de\/wp-content\/uploads\/2025\/07\/IMG_20200730_185801-1024x768.jpg\" class=\"attachment-large size-large wp-image-5791\" alt=\"\" srcset=\"https:\/\/pension-brigitte-henkel.de\/wp-content\/uploads\/2025\/07\/IMG_20200730_185801-1024x768.jpg 1024w, https:\/\/pension-brigitte-henkel.de\/wp-content\/uploads\/2025\/07\/IMG_20200730_185801-300x225.jpg 300w, https:\/\/pension-brigitte-henkel.de\/wp-content\/uploads\/2025\/07\/IMG_20200730_185801-768x576.jpg 768w, https:\/\/pension-brigitte-henkel.de\/wp-content\/uploads\/2025\/07\/IMG_20200730_185801-1536x1152.jpg 1536w, https:\/\/pension-brigitte-henkel.de\/wp-content\/uploads\/2025\/07\/IMG_20200730_185801-2048x1536.jpg 2048w, https:\/\/pension-brigitte-henkel.de\/wp-content\/uploads\/2025\/07\/IMG_20200730_185801-16x12.jpg 16w, https:\/\/pension-brigitte-henkel.de\/wp-content\/uploads\/2025\/07\/IMG_20200730_185801-400x300.jpg 400w\" sizes=\"(max-width: 960px) 100vw, 960px\" \/>\t\t\t\t\t\t\t\t\t\t\t\t\t\t\t<\/div>\n\t\t\t\t<\/div>\n\t\t\t\t\t<\/div>\n\t\t<\/div>\n\t\t\t\t<div class=\"elementor-column elementor-col-50 elementor-inner-column elementor-element elementor-element-fc69cd4\" data-id=\"fc69cd4\" data-element_type=\"column\" data-e-type=\"column\">\n\t\t\t<div class=\"elementor-widget-wrap elementor-element-populated\">\n\t\t\t\t\t\t<div class=\"elementor-element elementor-element-8a873f1 elementor-widget elementor-widget-heading\" data-id=\"8a873f1\" data-element_type=\"widget\" data-e-type=\"widget\" data-widget_type=\"heading.default\">\n\t\t\t\t<div class=\"elementor-widget-container\">\n\t\t\t\t\t<h2 class=\"elementor-heading-title elementor-size-default\">Ruta panor\u00e1mica desde Kinheim hasta Zell<\/h2>\t\t\t\t<\/div>\n\t\t\t\t<\/div>\n\t\t\t\t<div class=\"elementor-element elementor-element-6e85f2e elementor-widget elementor-widget-text-editor\" data-id=\"6e85f2e\" data-element_type=\"widget\" data-e-type=\"widget\" data-widget_type=\"text-editor.default\">\n\t\t\t\t<div class=\"elementor-widget-container\">\n\t\t\t\t\t\t\t\t\t<p><strong>Secci\u00f3n:<\/strong> Ruta panor\u00e1mica entre Kr\u00f6v y Wolf: el punto de partida suele ser Kinheim, a trav\u00e9s de los vi\u00f1edos hasta los miradores situados sobre Kr\u00f6v, Mont Royal y Traben-Trarbach.<\/p><ul class=\"marker:text-textOff list-disc\"><li><p class=\"my-0\"><strong>Particularidad:<\/strong> La ruta discurre por peque\u00f1os caminos entre vi\u00f1edos, pasando por varios miradores con las mejores vistas panor\u00e1micas del famoso meandro del Mosela cerca de Wolf y Kr\u00f6v.<\/p><\/li><li><p class=\"my-0\"><strong>C\u00f3mo llegar:<\/strong> Salida en Kinheim, pasando por Kinheim H\u00f6he, luego por caminos m\u00e1s estrechos en direcci\u00f3n a Kr\u00f6v\/Mont Royal y hacia magn\u00edficos miradores con vistas a las curvas del Mosela.<\/p><\/li><\/ul>\t\t\t\t\t\t\t\t<\/div>\n\t\t\t\t<\/div>\n\t\t\t\t\t<\/div>\n\t\t<\/div>\n\t\t\t\t\t<\/div>\n\t\t<\/section>\n\t\t\t\t<div class=\"elementor-element elementor-element-0ecd676 elementor-widget elementor-widget-spacer\" data-id=\"0ecd676\" data-element_type=\"widget\" data-e-type=\"widget\" data-widget_type=\"spacer.default\">\n\t\t\t\t<div class=\"elementor-widget-container\">\n\t\t\t\t\t\t\t<div class=\"elementor-spacer\">\n\t\t\t<div class=\"elementor-spacer-inner\"><\/div>\n\t\t<\/div>\n\t\t\t\t\t\t<\/div>\n\t\t\t\t<\/div>\n\t\t\t\t<div class=\"elementor-element elementor-element-3802681 elementor-widget elementor-widget-heading\" data-id=\"3802681\" data-element_type=\"widget\" data-e-type=\"widget\" data-widget_type=\"heading.default\">\n\t\t\t\t<div class=\"elementor-widget-container\">\n\t\t\t\t\t<h2 class=\"elementor-heading-title elementor-size-default\">Alquiler de bicicletas - Wolf <\/h2>\t\t\t\t<\/div>\n\t\t\t\t<\/div>\n\t\t\t\t<div class=\"elementor-element elementor-element-c04dfd1 elementor-widget elementor-widget-text-editor\" data-id=\"c04dfd1\" data-element_type=\"widget\" data-e-type=\"widget\" data-widget_type=\"text-editor.default\">\n\t\t\t\t<div class=\"elementor-widget-container\">\n\t\t\t\t\t\t\t\t\t<h4 data-dtype=\"d3ifr\" data-local-attribute=\"d3bn\" data-attrid=\"title\" data-ved=\"2ahUKEwi07Ornv7COAxWjgf0HHdrtB5YQ3B0oAHoECFoQAQ\">Alquiler de bicicletas y bicicletas el\u00e9ctricas<\/h4><p>Alquiler de bicicletas Michael Tholl<\/p><p><strong>(<a href=\"https:\/\/g.co\/kgs\/Rqj7QFw\" target=\"_blank\" rel=\"noopener\">Enlace a Google Maps<\/a>)<\/strong><\/p>\t\t\t\t\t\t\t\t<\/div>\n\t\t\t\t<\/div>\n\t\t\t\t<div class=\"elementor-element elementor-element-7a7adb5 elementor-widget elementor-widget-spacer\" data-id=\"7a7adb5\" data-element_type=\"widget\" data-e-type=\"widget\" data-widget_type=\"spacer.default\">\n\t\t\t\t<div class=\"elementor-widget-container\">\n\t\t\t\t\t\t\t<div class=\"elementor-spacer\">\n\t\t\t<div class=\"elementor-spacer-inner\"><\/div>\n\t\t<\/div>\n\t\t\t\t\t\t<\/div>\n\t\t\t\t<\/div>\n\t\t\t\t<div class=\"elementor-element elementor-element-72481fc elementor-widget elementor-widget-heading\" data-id=\"72481fc\" data-element_type=\"widget\" data-e-type=\"widget\" data-widget_type=\"heading.default\">\n\t\t\t\t<div class=\"elementor-widget-container\">\n\t\t\t\t\t<h2 class=\"elementor-heading-title elementor-size-default\">Alquiler de bicicletas - Kr\u00f6v\n<\/h2>\t\t\t\t<\/div>\n\t\t\t\t<\/div>\n\t\t\t\t<div class=\"elementor-element elementor-element-fc22de2 elementor-widget elementor-widget-text-editor\" data-id=\"fc22de2\" data-element_type=\"widget\" data-e-type=\"widget\" data-widget_type=\"text-editor.default\">\n\t\t\t\t<div class=\"elementor-widget-container\">\n\t\t\t\t\t\t\t\t\t<h4 data-dtype=\"d3ifr\" data-local-attribute=\"d3bn\" data-attrid=\"title\" data-ved=\"2ahUKEwi07Ornv7COAxWjgf0HHdrtB5YQ3B0oAHoECFoQAQ\">Alquiler de bicicletas en la oficina de turismo de Kr\u00f6v.<\/h4><p><strong>(<a href=\"https:\/\/www.kroev.de\/wp-content\/uploads\/2022\/04\/Radflyer2022.pdf\" target=\"_blank\" rel=\"noopener\">Enlace al sitio web<\/a>)<\/strong><\/p>\t\t\t\t\t\t\t\t<\/div>\n\t\t\t\t<\/div>\n\t\t\t\t<div class=\"elementor-element elementor-element-abadba6 elementor-widget elementor-widget-heading\" data-id=\"abadba6\" data-element_type=\"widget\" data-e-type=\"widget\" data-widget_type=\"heading.default\">\n\t\t\t\t<div class=\"elementor-widget-container\">\n\t\t\t\t\t<h2 class=\"elementor-heading-title elementor-size-default\">Alquiler de bicicletas Traben-Trarbach<\/h2>\t\t\t\t<\/div>\n\t\t\t\t<\/div>\n\t\t\t\t<div class=\"elementor-element elementor-element-d804453 elementor-widget elementor-widget-text-editor\" data-id=\"d804453\" data-element_type=\"widget\" data-e-type=\"widget\" data-widget_type=\"text-editor.default\">\n\t\t\t\t<div class=\"elementor-widget-container\">\n\t\t\t\t\t\t\t\t\t<h3>Bicicletas Wagner<\/h3><p><strong>(<a href=\"https:\/\/g.co\/kgs\/79RtkMk\" target=\"_blank\" rel=\"noopener\">Enlace a Google Maps<\/a>)<\/strong><\/p><h3>Alquiler de bicicletas el\u00e9ctricas en el valle medio del Mosela<\/h3><p><strong>(<a href=\"https:\/\/g.co\/kgs\/1T7DCQt\" target=\"_blank\" rel=\"noopener\">Enlace a Google Maps<\/a>)<\/strong><\/p><h3>Camphausen Bicicleta y cafeter\u00eda<\/h3><p><strong>(<a href=\"https:\/\/g.co\/kgs\/XEHzkQZ\" target=\"_blank\" rel=\"noopener\">Enlace a Google Maps<\/a>)<\/strong><\/p><table width=\"429\"><tbody><tr><td>\u00a0<\/td><\/tr><\/tbody><\/table>\t\t\t\t\t\t\t\t<\/div>\n\t\t\t\t<\/div>\n\t\t\t\t\t<\/div>\n\t\t<\/div>\n\t\t\t\t\t<\/div>\n\t\t<\/section>\n\t\t\t\t<\/div>","protected":false},"excerpt":{"rendered":"<p>Descubra el Mosela en bicicleta Descubra el Mosela en bicicleta No hace falta que lleve una bicicleta para disfrutar del ciclismo deportivo. Puede alquilar una en el centro de alquiler de bicicletas y bicicletas el\u00e9ctricas Michael Tholl, aqu\u00ed mismo, en el pueblo de Wolf. Especialmente si busca una... <\/p>\n<div class=\"clear\"><\/div>\n<p><a href=\"https:\/\/pension-brigitte-henkel.de\/es\/instalaciones-en-los-alrededores-de-wolf\/\" class=\"excerpt-read-more\">Continuar leyendo<i class=\"fa fa-long-arrow-right icon-long-arrow-right\"><\/i><\/a><\/p>","protected":false},"author":1,"featured_media":0,"parent":0,"menu_order":0,"comment_status":"closed","ping_status":"closed","template":"","meta":{"footnotes":""},"class_list":["post-597","page","type-page","status-publish","hentry"],"yoast_head":"<!-- This site is optimized with the Yoast SEO Premium plugin v26.4 (Yoast SEO v27.5) - https:\/\/yoast.com\/product\/yoast-seo-premium-wordpress\/ -->\n<title>In der Umgebung von Wolf wichtige Einrichtungen, Superm\u00e4rkte<\/title>\n<meta name=\"description\" content=\"In Wolf haben Sie folgende Lokale; Gesch\u00e4fte und Superm\u00e4rkte in Ihrer N\u00e4he. Edeka oder Apotheken finden Sie in Traben-Trarbach.\" \/>\n<meta name=\"robots\" content=\"index, follow, max-snippet:-1, max-image-preview:large, max-video-preview:-1\" \/>\n<link rel=\"canonical\" href=\"https:\/\/pension-brigitte-henkel.de\/es\/instalaciones-en-los-alrededores-de-wolf\/\" \/>\n<meta property=\"og:locale\" content=\"es_ES\" \/>\n<meta property=\"og:type\" content=\"article\" \/>\n<meta property=\"og:title\" content=\"Fahrradverleih\" \/>\n<meta property=\"og:description\" content=\"In Wolf haben Sie folgende Lokale; Gesch\u00e4fte und Superm\u00e4rkte in Ihrer N\u00e4he. Edeka oder Apotheken finden Sie in Traben-Trarbach.\" \/>\n<meta property=\"og:url\" content=\"https:\/\/pension-brigitte-henkel.de\/es\/instalaciones-en-los-alrededores-de-wolf\/\" \/>\n<meta property=\"og:site_name\" content=\"Pension Brigitte Henkel\" \/>\n<meta property=\"article:modified_time\" content=\"2025-07-24T11:20:51+00:00\" \/>\n<meta property=\"og:image\" content=\"https:\/\/pension-brigitte-henkel.de\/wp-content\/uploads\/2017\/01\/369-e1484779407157.jpg\" \/>\n\t<meta property=\"og:image:width\" content=\"1200\" \/>\n\t<meta property=\"og:image:height\" content=\"900\" \/>\n\t<meta property=\"og:image:type\" content=\"image\/jpeg\" \/>\n<meta name=\"twitter:card\" content=\"summary_large_image\" \/>\n<meta name=\"twitter:label1\" content=\"Tiempo de lectura\" \/>\n\t<meta name=\"twitter:data1\" content=\"3 minutos\" \/>\n<!-- \/ Yoast SEO Premium plugin. -->","yoast_head_json":{"title":"En los alrededores de Wolf hay importantes instalaciones y supermercados.","description":"En Wolf encontrar\u00e1 los siguientes locales, tiendas y supermercados cerca de usted. En Traben-Trarbach encontrar\u00e1 Edeka o farmacias.","robots":{"index":"index","follow":"follow","max-snippet":"max-snippet:-1","max-image-preview":"max-image-preview:large","max-video-preview":"max-video-preview:-1"},"canonical":"https:\/\/pension-brigitte-henkel.de\/es\/instalaciones-en-los-alrededores-de-wolf\/","og_locale":"es_ES","og_type":"article","og_title":"Fahrradverleih","og_description":"In Wolf haben Sie folgende Lokale; Gesch\u00e4fte und Superm\u00e4rkte in Ihrer N\u00e4he. Edeka oder Apotheken finden Sie in Traben-Trarbach.","og_url":"https:\/\/pension-brigitte-henkel.de\/es\/instalaciones-en-los-alrededores-de-wolf\/","og_site_name":"Pension Brigitte Henkel","article_modified_time":"2025-07-24T11:20:51+00:00","og_image":[{"width":1200,"height":900,"url":"https:\/\/pension-brigitte-henkel.de\/wp-content\/uploads\/2017\/01\/369-e1484779407157.jpg","type":"image\/jpeg"}],"twitter_card":"summary_large_image","twitter_misc":{"Tiempo de lectura":"3 minutos"},"schema":{"@context":"https:\/\/schema.org","@graph":[{"@type":"WebPage","@id":"https:\/\/pension-brigitte-henkel.de\/einrichtungen-in-der-umgebung-von-wolf\/","url":"https:\/\/pension-brigitte-henkel.de\/einrichtungen-in-der-umgebung-von-wolf\/","name":"En los alrededores de Wolf hay importantes instalaciones y supermercados.","isPartOf":{"@id":"https:\/\/pension-brigitte-henkel.de\/#website"},"primaryImageOfPage":{"@id":"https:\/\/pension-brigitte-henkel.de\/einrichtungen-in-der-umgebung-von-wolf\/#primaryimage"},"image":{"@id":"https:\/\/pension-brigitte-henkel.de\/einrichtungen-in-der-umgebung-von-wolf\/#primaryimage"},"thumbnailUrl":"https:\/\/pension-brigitte-henkel.de\/wp-content\/uploads\/2017\/01\/369-1024x768.jpg","datePublished":"2017-01-21T16:55:38+00:00","dateModified":"2025-07-24T11:20:51+00:00","description":"En Wolf encontrar\u00e1 los siguientes locales, tiendas y supermercados cerca de usted. En Traben-Trarbach encontrar\u00e1 Edeka o farmacias.","breadcrumb":{"@id":"https:\/\/pension-brigitte-henkel.de\/einrichtungen-in-der-umgebung-von-wolf\/#breadcrumb"},"inLanguage":"es","potentialAction":[{"@type":"ReadAction","target":["https:\/\/pension-brigitte-henkel.de\/einrichtungen-in-der-umgebung-von-wolf\/"]}]},{"@type":"ImageObject","inLanguage":"es","@id":"https:\/\/pension-brigitte-henkel.de\/einrichtungen-in-der-umgebung-von-wolf\/#primaryimage","url":"https:\/\/pension-brigitte-henkel.de\/wp-content\/uploads\/2017\/01\/369-1024x768.jpg","contentUrl":"https:\/\/pension-brigitte-henkel.de\/wp-content\/uploads\/2017\/01\/369-1024x768.jpg"},{"@type":"BreadcrumbList","@id":"https:\/\/pension-brigitte-henkel.de\/einrichtungen-in-der-umgebung-von-wolf\/#breadcrumb","itemListElement":[{"@type":"ListItem","position":1,"name":"Startseite","item":"https:\/\/pension-brigitte-henkel.de\/"},{"@type":"ListItem","position":2,"name":"Fahrradverleih"}]},{"@type":"WebSite","@id":"https:\/\/pension-brigitte-henkel.de\/#website","url":"https:\/\/pension-brigitte-henkel.de\/","name":"Pensi\u00f3n Brigitte Henkel","description":"Anfitriona con coraz\u00f3n en Wolf\/Traben-Trarbach, a orillas del Mosela","publisher":{"@id":"https:\/\/pension-brigitte-henkel.de\/#organization"},"potentialAction":[{"@type":"SearchAction","target":{"@type":"EntryPoint","urlTemplate":"https:\/\/pension-brigitte-henkel.de\/?s={search_term_string}"},"query-input":{"@type":"PropertyValueSpecification","valueRequired":true,"valueName":"search_term_string"}}],"inLanguage":"es"},{"@type":"Organization","@id":"https:\/\/pension-brigitte-henkel.de\/#organization","name":"Pensi\u00f3n Brigitte Henkel","url":"https:\/\/pension-brigitte-henkel.de\/","logo":{"@type":"ImageObject","inLanguage":"es","@id":"https:\/\/pension-brigitte-henkel.de\/#\/schema\/logo\/image\/","url":"https:\/\/pension-brigitte-henkel.de\/wp-content\/uploads\/2020\/08\/Logo-transparent.png","contentUrl":"https:\/\/pension-brigitte-henkel.de\/wp-content\/uploads\/2020\/08\/Logo-transparent.png","width":534,"height":123,"caption":"Pension Brigitte Henkel"},"image":{"@id":"https:\/\/pension-brigitte-henkel.de\/#\/schema\/logo\/image\/"}}]}},"_links":{"self":[{"href":"https:\/\/pension-brigitte-henkel.de\/es\/wp-json\/wp\/v2\/pages\/597","targetHints":{"allow":["GET"]}}],"collection":[{"href":"https:\/\/pension-brigitte-henkel.de\/es\/wp-json\/wp\/v2\/pages"}],"about":[{"href":"https:\/\/pension-brigitte-henkel.de\/es\/wp-json\/wp\/v2\/types\/page"}],"author":[{"embeddable":true,"href":"https:\/\/pension-brigitte-henkel.de\/es\/wp-json\/wp\/v2\/users\/1"}],"replies":[{"embeddable":true,"href":"https:\/\/pension-brigitte-henkel.de\/es\/wp-json\/wp\/v2\/comments?post=597"}],"version-history":[{"count":10,"href":"https:\/\/pension-brigitte-henkel.de\/es\/wp-json\/wp\/v2\/pages\/597\/revisions"}],"predecessor-version":[{"id":5794,"href":"https:\/\/pension-brigitte-henkel.de\/es\/wp-json\/wp\/v2\/pages\/597\/revisions\/5794"}],"wp:attachment":[{"href":"https:\/\/pension-brigitte-henkel.de\/es\/wp-json\/wp\/v2\/media?parent=597"}],"curies":[{"name":"wp","href":"https:\/\/api.w.org\/{rel}","templated":true}]}}