{"id":229,"date":"2017-01-03T00:18:05","date_gmt":"2017-01-02T23:18:05","guid":{"rendered":"https:\/\/pension-brigitte-henkel.de\/?page_id=229"},"modified":"2026-01-03T21:08:34","modified_gmt":"2026-01-03T20:08:34","slug":"precios","status":"publish","type":"page","link":"https:\/\/pension-brigitte-henkel.de\/es\/precios\/","title":{"rendered":"Precios"},"content":{"rendered":"\t\t<div data-elementor-type=\"wp-page\" data-elementor-id=\"229\" class=\"elementor elementor-229\" data-elementor-post-type=\"page\">\n\t\t\t\t\t\t<section class=\"elementor-section elementor-top-section elementor-element elementor-element-78dbf44f elementor-section-boxed elementor-section-height-default elementor-section-height-default\" data-id=\"78dbf44f\" data-element_type=\"section\" data-e-type=\"section\">\n\t\t\t\t\t\t<div class=\"elementor-container elementor-column-gap-default\">\n\t\t\t\t\t<div class=\"elementor-column elementor-col-100 elementor-top-column elementor-element elementor-element-43e597cb\" data-id=\"43e597cb\" data-element_type=\"column\" data-e-type=\"column\">\n\t\t\t<div class=\"elementor-widget-wrap elementor-element-populated\">\n\t\t\t\t\t\t<div class=\"elementor-element elementor-element-44ff39a1 elementor-widget elementor-widget-text-editor\" data-id=\"44ff39a1\" data-element_type=\"widget\" data-e-type=\"widget\" data-widget_type=\"text-editor.default\">\n\t\t\t\t<div class=\"elementor-widget-container\">\n\t\t\t\t\t\t\t\t\t<p>Mein kleines G\u00e4stehaus verf\u00fcgt \u00fcber drei Doppelzimmer alle mit eigenem WC und Dusche.<br \/>*Die Zimmer vermiete ich mit <strong>einem Mindestaufenthalt<\/strong> von <strong>zwei \u00dcbernachtungen.<\/strong><\/p>\n<p><!-- \/wp:paragraph --><!-- wp:paragraph --><\/p>\n<p>Angrenzend an mein G\u00e4stehaus biete ich Ihnen zudem zwei Ferienwohnungen in einem romantischen Fachwerkhaus aus dem Jahr 1634.<br \/>*Die Ferienwohnungen, jede f\u00fcr maximal 4 G\u00e4ste, k\u00f6nnen Sie f\u00fcr mindestens eine Woche oder l\u00e4nger mieten.<\/p>\n<p>In dem Preis f\u00fcr Doppelzimmer ist ein Fr\u00fchst\u00fcck am Morgen miteinbegriffen, je nach Ihrer Vorstellung von einem idealen Urlaub k\u00f6nnen Sie ebenfalls ein Fr\u00fchst\u00fcck bei einer Buchung einer der Ferienwohungen dazu erhalten. Alle weiteren Informationen, so auch die Preisstaffelung finden Sie wieder unten in der PDF-Preisliste oder den Abbildungen darunter.<\/p>\n<p>Bei einem Fr\u00fchst\u00fcck bei uns k\u00f6nnen Sie ein reichhaltiges und gesundes Fr\u00fchst\u00fccksbuffet erwarten, dies erlaubt Ihnen gest\u00e4rkt und energiegeladen in den Tag zu starten.<\/p>\n<p>Verw\u00f6hnen Sie sich morgens mit einer leckeren Tasse Kaffee oder Tee, einem gekochten Ei, frischen Br\u00f6tchen und mehr. W\u00e4hrend und nach dem Fr\u00fchst\u00fcck gebe ich Ihnen gerne Tipps f\u00fcr Tagesausfl\u00fcge rund um Wolf.<\/p>\n<p><!-- \/wp:paragraph --><!-- wp:paragraph --><\/p>\n<p><!-- \/wp:paragraph --><!-- wp:paragraph {\"TrpContentRestriction\":{\"restriction_type\":\"include\",\"selected_languages\":[],\"panel_open\":true}} --><\/p>\n<p><!-- \/wp:paragraph --><!-- wp:separator {\"className\":\"is-style-dots\"} --><\/p>\n<hr \/>\n<p><!-- \/wp:separator --><!-- wp:paragraph {\"TrpContentRestriction\":{\"restriction_type\":\"exclude\",\"selected_languages\":[\"German\"],\"panel_open\":true}} --><\/p>\n<p>Hier k\u00f6nnen Sie unsere Preisliste herunterladen. Klicken Sie jetzt auf den Button unten, um unsere Preisliste f\u00fcr die Vermietung von Zimmern und Ferienwohnungen zu erhalten.<\/p>\n<p><!-- \/wp:paragraph --><!-- wp:buttons {\"layout\":{\"type\":\"flex\",\"justifyContent\":\"center\"}} --><\/p>\n<div>\n<p><!-- wp:button --><\/p>\n<div><a href=\"https:\/\/pension-brigitte-henkel.de\/wp-content\/uploads\/2026\/01\/Preisliste_2026_Pension-Brigitte-Henkel_DE.pdf\">Preisliste zum Download. <\/a><\/div>\n<p><!-- \/wp:button --><\/p>\n<\/div>\n<p><!-- \/wp:buttons --><!-- wp:image {\"id\":5121,\"sizeSlug\":\"large\",\"linkDestination\":\"none\"} --><\/p>\n<figure><img decoding=\"async\" src=\"https:\/\/pension-brigitte-henkel.de\/wp-content\/uploads\/2023\/07\/Zwei-Uebernachtungen-Hinweis-Schild-1-1024x296.png\" alt=\"\u00dcbernachtung\" \/><\/figure>\n<p><!-- \/wp:image --><!-- wp:image {\"id\":5396,\"sizeSlug\":\"large\",\"linkDestination\":\"none\"} --><\/p>\n<figure><\/figure>\n<p><!-- \/wp:image --><!-- wp:image {\"id\":5355,\"sizeSlug\":\"large\",\"linkDestination\":\"none\"} --><\/p>\n<figure><\/figure>\n<p><!-- \/wp:image --><!-- wp:paragraph {\"TrpContentRestriction\":{\"restriction_type\":\"include\",\"selected_languages\":[\"German\",\"Dutch\",\"English\"],\"panel_open\":true}} --><\/p>\n<p>Bitte <strong>ber\u00fccksichtigen Sie<\/strong>, dass Sie in <strong>meiner Pension<\/strong> nur<strong> ab zwei \u00dcbernachtungen<\/strong> buchen k\u00f6nnen. Dazu habe ich mich entschieden, da dies vor allem Personen eine Pension gibt, die wirklich auch mal eine Gegend im Detail erkunden m\u00f6chten. Dies macht mich wiederum sehr stolz, Ihnen echte Geheimtipps zu unserem Teil der Moselschleife mitzugeben.<\/p>\n<p><!-- \/wp:paragraph --><!-- wp:paragraph --><\/p>\n<p><!-- \/wp:paragraph --><\/p>\t\t\t\t\t\t\t\t<\/div>\n\t\t\t\t<\/div>\n\t\t\t\t\t<\/div>\n\t\t<\/div>\n\t\t\t\t\t<\/div>\n\t\t<\/section>\n\t\t\t\t<section class=\"elementor-section elementor-top-section elementor-element elementor-element-b88fe8e elementor-section-boxed elementor-section-height-default elementor-section-height-default\" data-id=\"b88fe8e\" data-element_type=\"section\" data-e-type=\"section\">\n\t\t\t\t\t\t<div class=\"elementor-container elementor-column-gap-default\">\n\t\t\t\t\t<div class=\"elementor-column elementor-col-100 elementor-top-column elementor-element elementor-element-4830da9\" data-id=\"4830da9\" data-element_type=\"column\" data-e-type=\"column\">\n\t\t\t<div class=\"elementor-widget-wrap elementor-element-populated\">\n\t\t\t\t\t\t<div class=\"elementor-element elementor-element-2eda7f1 elementor-widget elementor-widget-image\" data-id=\"2eda7f1\" data-element_type=\"widget\" data-e-type=\"widget\" data-widget_type=\"image.default\">\n\t\t\t\t<div class=\"elementor-widget-container\">\n\t\t\t\t\t\t\t\t\t\t\t\t\t\t\t<img fetchpriority=\"high\" decoding=\"async\" width=\"960\" height=\"679\" src=\"https:\/\/pension-brigitte-henkel.de\/wp-content\/uploads\/2026\/01\/Preisliste_2026_Pension-Brigitte-Henkel_DE_EN_NL-1-1024x724.png\" class=\"attachment-large size-large wp-image-5889\" alt=\"\" srcset=\"https:\/\/pension-brigitte-henkel.de\/wp-content\/uploads\/2026\/01\/Preisliste_2026_Pension-Brigitte-Henkel_DE_EN_NL-1-1024x724.png 1024w, https:\/\/pension-brigitte-henkel.de\/wp-content\/uploads\/2026\/01\/Preisliste_2026_Pension-Brigitte-Henkel_DE_EN_NL-1-300x212.png 300w, https:\/\/pension-brigitte-henkel.de\/wp-content\/uploads\/2026\/01\/Preisliste_2026_Pension-Brigitte-Henkel_DE_EN_NL-1-768x543.png 768w, https:\/\/pension-brigitte-henkel.de\/wp-content\/uploads\/2026\/01\/Preisliste_2026_Pension-Brigitte-Henkel_DE_EN_NL-1-1536x1086.png 1536w, https:\/\/pension-brigitte-henkel.de\/wp-content\/uploads\/2026\/01\/Preisliste_2026_Pension-Brigitte-Henkel_DE_EN_NL-1-2048x1448.png 2048w, https:\/\/pension-brigitte-henkel.de\/wp-content\/uploads\/2026\/01\/Preisliste_2026_Pension-Brigitte-Henkel_DE_EN_NL-1-18x12.png 18w\" sizes=\"(max-width: 960px) 100vw, 960px\" \/>\t\t\t\t\t\t\t\t\t\t\t\t\t\t\t<\/div>\n\t\t\t\t<\/div>\n\t\t\t\t\t<\/div>\n\t\t<\/div>\n\t\t\t\t\t<\/div>\n\t\t<\/section>\n\t\t\t\t<section class=\"elementor-section elementor-top-section elementor-element elementor-element-95dc6dc elementor-section-boxed elementor-section-height-default elementor-section-height-default\" data-id=\"95dc6dc\" data-element_type=\"section\" data-e-type=\"section\">\n\t\t\t\t\t\t<div class=\"elementor-container elementor-column-gap-default\">\n\t\t\t\t\t<div class=\"elementor-column elementor-col-100 elementor-top-column elementor-element elementor-element-eeb56ce\" data-id=\"eeb56ce\" data-element_type=\"column\" data-e-type=\"column\">\n\t\t\t<div class=\"elementor-widget-wrap elementor-element-populated\">\n\t\t\t\t\t\t<div class=\"elementor-element elementor-element-b550945 elementor-widget elementor-widget-image\" data-id=\"b550945\" data-element_type=\"widget\" data-e-type=\"widget\" data-widget_type=\"image.default\">\n\t\t\t\t<div class=\"elementor-widget-container\">\n\t\t\t\t\t\t\t\t\t\t\t\t\t\t\t<img decoding=\"async\" width=\"960\" height=\"679\" src=\"https:\/\/pension-brigitte-henkel.de\/wp-content\/uploads\/2026\/01\/Preisliste_2026_Pension-Brigitte-Henkel_DE_EN_NL-2-1024x724.png\" class=\"attachment-large size-large wp-image-5890\" alt=\"\" srcset=\"https:\/\/pension-brigitte-henkel.de\/wp-content\/uploads\/2026\/01\/Preisliste_2026_Pension-Brigitte-Henkel_DE_EN_NL-2-1024x724.png 1024w, https:\/\/pension-brigitte-henkel.de\/wp-content\/uploads\/2026\/01\/Preisliste_2026_Pension-Brigitte-Henkel_DE_EN_NL-2-300x212.png 300w, https:\/\/pension-brigitte-henkel.de\/wp-content\/uploads\/2026\/01\/Preisliste_2026_Pension-Brigitte-Henkel_DE_EN_NL-2-768x543.png 768w, https:\/\/pension-brigitte-henkel.de\/wp-content\/uploads\/2026\/01\/Preisliste_2026_Pension-Brigitte-Henkel_DE_EN_NL-2-1536x1086.png 1536w, https:\/\/pension-brigitte-henkel.de\/wp-content\/uploads\/2026\/01\/Preisliste_2026_Pension-Brigitte-Henkel_DE_EN_NL-2-2048x1448.png 2048w, https:\/\/pension-brigitte-henkel.de\/wp-content\/uploads\/2026\/01\/Preisliste_2026_Pension-Brigitte-Henkel_DE_EN_NL-2-18x12.png 18w\" sizes=\"(max-width: 960px) 100vw, 960px\" \/>\t\t\t\t\t\t\t\t\t\t\t\t\t\t\t<\/div>\n\t\t\t\t<\/div>\n\t\t\t\t\t<\/div>\n\t\t<\/div>\n\t\t\t\t\t<\/div>\n\t\t<\/section>\n\t\t\t\t<\/div>\n\t\t","protected":false},"excerpt":{"rendered":"<p>Mi peque\u00f1a casa de hu\u00e9spedes dispone de tres habitaciones dobles, todas con su propio WC y ducha *Alquilo las habitaciones para una estancia m\u00ednima de dos noches. Al lado de mi casa de hu\u00e9spedes tambi\u00e9n ofrezco dos apartamentos de vacaciones en una rom\u00e1ntica casa con entramado de madera que data de 1634 *Los apartamentos de vacaciones, cada uno para un m\u00e1ximo de 4 personas, se pueden alquilar por un m\u00ednimo de una semana o m\u00e1s .... <\/p>\n<div class=\"clear\"><\/div>\n<p><a href=\"https:\/\/pension-brigitte-henkel.de\/es\/precios\/\" class=\"excerpt-read-more\">Continuar leyendo<i class=\"fa fa-long-arrow-right icon-long-arrow-right\"><\/i><\/a><\/p>","protected":false},"author":1,"featured_media":5229,"parent":0,"menu_order":0,"comment_status":"closed","ping_status":"closed","template":"","meta":{"footnotes":""},"class_list":["post-229","page","type-page","status-publish","has-post-thumbnail","hentry"],"yoast_head":"<!-- This site is optimized with the Yoast SEO Premium plugin v26.4 (Yoast SEO v27.4) - https:\/\/yoast.com\/product\/yoast-seo-premium-wordpress\/ -->\n<title>Preise Pension Brigitte Henkel<\/title>\n<meta name=\"description\" content=\"Preise f\u00fcr ein Doppelzimmer oder Ferienwohnung an der Mosel. Noch g\u00fcnstiger ist die Buchung einer Ferienwohnung f\u00fcr Sie.\" \/>\n<meta name=\"robots\" content=\"index, follow, max-snippet:-1, max-image-preview:large, max-video-preview:-1\" \/>\n<link rel=\"canonical\" href=\"https:\/\/pension-brigitte-henkel.de\/es\/precios\/\" \/>\n<meta property=\"og:locale\" content=\"es_ES\" \/>\n<meta property=\"og:type\" content=\"article\" \/>\n<meta property=\"og:title\" content=\"Preise\" \/>\n<meta property=\"og:description\" content=\"Preise f\u00fcr ein Doppelzimmer oder Ferienwohnung an der Mosel. Noch g\u00fcnstiger ist die Buchung einer Ferienwohnung f\u00fcr Sie.\" \/>\n<meta property=\"og:url\" content=\"https:\/\/pension-brigitte-henkel.de\/es\/precios\/\" \/>\n<meta property=\"og:site_name\" content=\"Pension Brigitte Henkel\" \/>\n<meta property=\"article:modified_time\" content=\"2026-01-03T20:08:34+00:00\" \/>\n<meta property=\"og:image\" content=\"https:\/\/pension-brigitte-henkel.de\/wp-content\/uploads\/2024\/09\/Pension-Brigitte-Henkel-logo.png\" \/>\n\t<meta property=\"og:image:width\" content=\"373\" \/>\n\t<meta property=\"og:image:height\" content=\"403\" \/>\n\t<meta property=\"og:image:type\" content=\"image\/png\" \/>\n<meta name=\"twitter:card\" content=\"summary_large_image\" \/>\n<meta name=\"twitter:label1\" content=\"Tiempo de lectura\" \/>\n\t<meta name=\"twitter:data1\" content=\"2 minutos\" \/>\n<!-- \/ Yoast SEO Premium plugin. -->","yoast_head_json":{"title":"Precios Pensi\u00f3n Brigitte Henkel","description":"Precios por una habitaci\u00f3n doble o un apartamento vacacional en el Mosela. A\u00fan m\u00e1s econ\u00f3mico es reservar un apartamento vacacional.","robots":{"index":"index","follow":"follow","max-snippet":"max-snippet:-1","max-image-preview":"max-image-preview:large","max-video-preview":"max-video-preview:-1"},"canonical":"https:\/\/pension-brigitte-henkel.de\/es\/precios\/","og_locale":"es_ES","og_type":"article","og_title":"Preise","og_description":"Preise f\u00fcr ein Doppelzimmer oder Ferienwohnung an der Mosel. Noch g\u00fcnstiger ist die Buchung einer Ferienwohnung f\u00fcr Sie.","og_url":"https:\/\/pension-brigitte-henkel.de\/es\/precios\/","og_site_name":"Pension Brigitte Henkel","article_modified_time":"2026-01-03T20:08:34+00:00","og_image":[{"width":373,"height":403,"url":"https:\/\/pension-brigitte-henkel.de\/wp-content\/uploads\/2024\/09\/Pension-Brigitte-Henkel-logo.png","type":"image\/png"}],"twitter_card":"summary_large_image","twitter_misc":{"Tiempo de lectura":"2 minutos"},"schema":{"@context":"https:\/\/schema.org","@graph":[{"@type":"WebPage","@id":"https:\/\/pension-brigitte-henkel.de\/preise\/","url":"https:\/\/pension-brigitte-henkel.de\/preise\/","name":"Precios Pensi\u00f3n Brigitte Henkel","isPartOf":{"@id":"https:\/\/pension-brigitte-henkel.de\/#website"},"primaryImageOfPage":{"@id":"https:\/\/pension-brigitte-henkel.de\/preise\/#primaryimage"},"image":{"@id":"https:\/\/pension-brigitte-henkel.de\/preise\/#primaryimage"},"thumbnailUrl":"https:\/\/pension-brigitte-henkel.de\/wp-content\/uploads\/2024\/09\/Pension-Brigitte-Henkel-logo.png","datePublished":"2017-01-02T23:18:05+00:00","dateModified":"2026-01-03T20:08:34+00:00","description":"Precios por una habitaci\u00f3n doble o un apartamento vacacional en el Mosela. A\u00fan m\u00e1s econ\u00f3mico es reservar un apartamento vacacional.","breadcrumb":{"@id":"https:\/\/pension-brigitte-henkel.de\/preise\/#breadcrumb"},"inLanguage":"es","potentialAction":[{"@type":"ReadAction","target":["https:\/\/pension-brigitte-henkel.de\/preise\/"]}]},{"@type":"ImageObject","inLanguage":"es","@id":"https:\/\/pension-brigitte-henkel.de\/preise\/#primaryimage","url":"https:\/\/pension-brigitte-henkel.de\/wp-content\/uploads\/2024\/09\/Pension-Brigitte-Henkel-logo.png","contentUrl":"https:\/\/pension-brigitte-henkel.de\/wp-content\/uploads\/2024\/09\/Pension-Brigitte-Henkel-logo.png","width":373,"height":403},{"@type":"BreadcrumbList","@id":"https:\/\/pension-brigitte-henkel.de\/preise\/#breadcrumb","itemListElement":[{"@type":"ListItem","position":1,"name":"Startseite","item":"https:\/\/pension-brigitte-henkel.de\/"},{"@type":"ListItem","position":2,"name":"Preise"}]},{"@type":"WebSite","@id":"https:\/\/pension-brigitte-henkel.de\/#website","url":"https:\/\/pension-brigitte-henkel.de\/","name":"Pensi\u00f3n Brigitte Henkel","description":"Anfitriona con coraz\u00f3n en Wolf\/Traben-Trarbach, a orillas del Mosela","publisher":{"@id":"https:\/\/pension-brigitte-henkel.de\/#organization"},"potentialAction":[{"@type":"SearchAction","target":{"@type":"EntryPoint","urlTemplate":"https:\/\/pension-brigitte-henkel.de\/?s={search_term_string}"},"query-input":{"@type":"PropertyValueSpecification","valueRequired":true,"valueName":"search_term_string"}}],"inLanguage":"es"},{"@type":"Organization","@id":"https:\/\/pension-brigitte-henkel.de\/#organization","name":"Pensi\u00f3n Brigitte Henkel","url":"https:\/\/pension-brigitte-henkel.de\/","logo":{"@type":"ImageObject","inLanguage":"es","@id":"https:\/\/pension-brigitte-henkel.de\/#\/schema\/logo\/image\/","url":"https:\/\/pension-brigitte-henkel.de\/wp-content\/uploads\/2020\/08\/Logo-transparent.png","contentUrl":"https:\/\/pension-brigitte-henkel.de\/wp-content\/uploads\/2020\/08\/Logo-transparent.png","width":534,"height":123,"caption":"Pension Brigitte Henkel"},"image":{"@id":"https:\/\/pension-brigitte-henkel.de\/#\/schema\/logo\/image\/"}}]}},"_links":{"self":[{"href":"https:\/\/pension-brigitte-henkel.de\/es\/wp-json\/wp\/v2\/pages\/229","targetHints":{"allow":["GET"]}}],"collection":[{"href":"https:\/\/pension-brigitte-henkel.de\/es\/wp-json\/wp\/v2\/pages"}],"about":[{"href":"https:\/\/pension-brigitte-henkel.de\/es\/wp-json\/wp\/v2\/types\/page"}],"author":[{"embeddable":true,"href":"https:\/\/pension-brigitte-henkel.de\/es\/wp-json\/wp\/v2\/users\/1"}],"replies":[{"embeddable":true,"href":"https:\/\/pension-brigitte-henkel.de\/es\/wp-json\/wp\/v2\/comments?post=229"}],"version-history":[{"count":3,"href":"https:\/\/pension-brigitte-henkel.de\/es\/wp-json\/wp\/v2\/pages\/229\/revisions"}],"predecessor-version":[{"id":5899,"href":"https:\/\/pension-brigitte-henkel.de\/es\/wp-json\/wp\/v2\/pages\/229\/revisions\/5899"}],"wp:featuredmedia":[{"embeddable":true,"href":"https:\/\/pension-brigitte-henkel.de\/es\/wp-json\/wp\/v2\/media\/5229"}],"wp:attachment":[{"href":"https:\/\/pension-brigitte-henkel.de\/es\/wp-json\/wp\/v2\/media?parent=229"}],"curies":[{"name":"wp","href":"https:\/\/api.w.org\/{rel}","templated":true}]}}